{"id":121,"date":"2019-11-24T21:52:29","date_gmt":"2019-11-24T20:52:29","guid":{"rendered":"http:\/\/localhost\/meyers-landleben.de\/wordpress\/?page_id=121"},"modified":"2024-01-18T09:31:27","modified_gmt":"2024-01-18T08:31:27","slug":"ferienwohnung","status":"publish","type":"page","link":"https:\/\/www.meyers-landleben.de\/?page_id=121","title":{"rendered":"Ferienwohnung"},"content":{"rendered":"\n<div class=\"wp-block-columns is-layout-flex wp-container-core-columns-is-layout-1 wp-block-columns-is-layout-flex\">\n<div class=\"wp-block-column is-layout-flow wp-block-column-is-layout-flow\">\n<h4 class=\"wp-block-heading\">Ferienwohnung G\u00e4nsebl\u00fcmchen<br>L\u00e4ndlich und familienfreundlich<\/h4>\n<\/div>\n\n\n\n<div class=\"wp-block-column is-vertically-aligned-top is-layout-flow wp-block-column-is-layout-flow\"><\/div>\n<\/div>\n\n\n<div class=\"wp-block-image\">\n<figure class=\"alignright size-large is-resized\"><img loading=\"lazy\" decoding=\"async\" width=\"1024\" height=\"768\" src=\"https:\/\/www.meyers-landleben.de\/wp-content\/uploads\/2018-ferienwohnung-1024x768.jpg\" alt=\"\" class=\"wp-image-271\" style=\"width:256px;height:192px\" srcset=\"https:\/\/www.meyers-landleben.de\/wp-content\/uploads\/2018-ferienwohnung-1024x768.jpg 1024w, https:\/\/www.meyers-landleben.de\/wp-content\/uploads\/2018-ferienwohnung-300x225.jpg 300w, https:\/\/www.meyers-landleben.de\/wp-content\/uploads\/2018-ferienwohnung-768x576.jpg 768w, https:\/\/www.meyers-landleben.de\/wp-content\/uploads\/2018-ferienwohnung-1536x1152.jpg 1536w, https:\/\/www.meyers-landleben.de\/wp-content\/uploads\/2018-ferienwohnung.jpg 2000w\" sizes=\"(max-width: 1024px) 100vw, 1024px\" \/><\/figure><\/div>\n\n\n<p>Die Ferienwohnung ist angegliedert an unser Wohnhaus, wo sich auch die Sauna  und der Freizeitraum unmittelbar daneben befinden.<br> Die Wohnung bietet auf rund 60 m\u00b2 Platz f\u00fcr 4 Personen mit einem  herrlichen Blick in den Garten. So k\u00f6nnen sie herrlich auf der eigenen  Terrasse ausspannen und den Kleinen beim Spielen zuschauen, denn der  Spielplatz liegt im Sichtbereich. Eingerichtet ist die Ferienwohnung im  hellen Landhausstil.<\/p>\n\n\n\n<p><strong>Zur Ferienwohnung geh\u00f6ren:<\/strong><\/p>\n\n\n\n<ul>\n<li>gro\u00dfz\u00fcgiger Wohnraum mit bequemer Sitzecke, einem Esstisch sowie \neiner integrierten Einbauk\u00fcche, die mit Backofen, Mikrowelle, Herd, \nSp\u00fclmaschine und K\u00fchlschrank mit Eisfach ausgestattet ist<\/li>\n\n\n\n<li>zwei Schlafzimmer, davon ein Elternschlafzimmer mit Doppelbett sowie ein Kinderzimmer mit Etagenbett<\/li>\n\n\n\n<li>Bad mit Dusche und WC<\/li>\n<\/ul>\n\n\n\n<p>Moderner Komfort mit TV und HiFi sind ebenso vorhanden wie ein WLAN-Internet-Zugang.<\/p>\n\n\n\n<div style=\"height:20px\" aria-hidden=\"true\" class=\"wp-block-spacer\"><\/div>\n\n\n\n<h4 class=\"wp-block-heading\"><strong>Preise<\/strong><\/h4>\n\n\n\n<ul>\n<li>bis 3 N\u00e4chte f\u00fcr bis zu 2 Personen 105,- \u20ac pro Nacht<\/li>\n\n\n\n<li>ab 4 N\u00e4chte f\u00fcr bis zu 2 Personen 85,- \u20ac pro Nacht<\/li>\n\n\n\n<li>jede weitere Person 5,- \u20ac<\/li>\n\n\n\n<li>Hunde 10,- \u20ac pro Aufenthalt<\/li>\n<\/ul>\n\n\n\n<p><strong>Im Preis enthalten sind Bettw\u00e4sche, Handt\u00fccher, Endreinigung, Energie, Heizung und Wasser.<\/strong><\/p>\n\n\n<div class=\"wp-block-image\">\n<figure class=\"alignleft size-large\"><img loading=\"lazy\" decoding=\"async\" width=\"500\" height=\"334\" src=\"https:\/\/www.meyers-landleben.de\/wp-content\/uploads\/grundriss-ferienwohnung-neu.jpg\" alt=\"\" class=\"wp-image-490\" srcset=\"https:\/\/www.meyers-landleben.de\/wp-content\/uploads\/grundriss-ferienwohnung-neu.jpg 500w, https:\/\/www.meyers-landleben.de\/wp-content\/uploads\/grundriss-ferienwohnung-neu-300x200.jpg 300w\" sizes=\"(max-width: 500px) 100vw, 500px\" \/><\/figure><\/div>\n\n\n<div style=\"height:28px\" aria-hidden=\"true\" class=\"wp-block-spacer\"><\/div>\n\n\n\n<h4 class=\"wp-block-heading\">Belegungsplan<\/h4>\n\n\n\n<p>Wenn Sie wissen m\u00f6chten, wann die Ferienwohnung G\u00e4nsebl\u00fcmchen noch frei ist, dann schauen Sie in unseren <a href=\"https:\/\/www.meyers-landleben.de\/?page_id=124\"><strong>Belegungsplan<\/strong><\/a>.<\/p>\n\n\n\n<div style=\"height:37px\" aria-hidden=\"true\" class=\"wp-block-spacer\"><\/div>\n\n\n\n<h4 class=\"wp-block-heading\">Weitere Bilder von der Ferienwohnung<\/h4>\n\n\n\n<div class=\"wp-block-envira-envira-gallery\"><div id=\"envira-gallery-wrap-645\" class=\"envira-gallery-wrap envira-gallery-theme-base envira-lightbox-theme-base\" itemscope itemtype=\"https:\/\/schema.org\/ImageGallery\"><div data-row-height=\"\" data-gallery-theme=\"\" id=\"envira-gallery-645\" class=\"envira-gallery-public  envira-gallery-3-columns envira-clear enviratope envira-gallery-css-animations\" data-envira-columns=\"3\"><div id=\"envira-gallery-item-646\" class=\"envira-gallery-item enviratope-item envira-gallery-item-1 envira-lazy-load\" style=\"padding-left: 3px; padding-bottom: 5px; padding-right: 3px;\"  itemscope itemtype=\"https:\/\/schema.org\/ImageObject\"><div class=\"envira-gallery-item-inner\"><div class=\"envira-gallery-position-overlay  envira-gallery-top-left\"><\/div><div class=\"envira-gallery-position-overlay  envira-gallery-top-right\"><\/div><div class=\"envira-gallery-position-overlay  envira-gallery-bottom-left\"><\/div><div class=\"envira-gallery-position-overlay  envira-gallery-bottom-right\"><\/div><a href=\"https:\/\/www.meyers-landleben.de\/wp-content\/uploads\/1.jpg\" class=\"envira-gallery-645 envira-gallery-link\" rel=\"enviragallery645\" title=\"\" data-envira-caption=\"\" data-envira-retina=\"\" data-thumbnail=\"\"  itemprop=\"contentUrl\"><div class=\"envira-lazy\" data-test-width=\"640\" data-test-height=\"480\" style=\"padding-bottom:75%;\"><img decoding=\"async\" id=\"envira-gallery-image-646\" class=\"envira-gallery-image envira-gallery-image-1\" data-envira-index=\"1\" src=\"https:\/\/www.meyers-landleben.de\/wp-content\/uploads\/1-640x480_c.jpg\" data-envira-src=\"https:\/\/www.meyers-landleben.de\/wp-content\/uploads\/1-640x480_c.jpg\" data-envira-gallery-id=\"645\" data-envira-item-id=\"646\" data-envira-caption=\"\" alt=\"\" title=\"\"  itemprop=\"thumbnailUrl\" data-envira-srcset=\"https:\/\/www.meyers-landleben.de\/wp-content\/uploads\/1-640x480_c.jpg 400w,https:\/\/www.meyers-landleben.de\/wp-content\/uploads\/1-640x480_c.jpg 2x\" srcset=\"data:image\/gif;base64,R0lGODlhAQABAIAAAP\/\/\/\/\/\/\/yH5BAEKAAEALAAAAAABAAEAAAICTAEAOw==\" \/><\/div><\/a><\/div><\/div><div id=\"envira-gallery-item-647\" class=\"envira-gallery-item enviratope-item envira-gallery-item-2 envira-lazy-load\" style=\"padding-left: 3px; padding-bottom: 5px; padding-right: 3px;\"  itemscope itemtype=\"https:\/\/schema.org\/ImageObject\"><div class=\"envira-gallery-item-inner\"><div class=\"envira-gallery-position-overlay  envira-gallery-top-left\"><\/div><div class=\"envira-gallery-position-overlay  envira-gallery-top-right\"><\/div><div class=\"envira-gallery-position-overlay  envira-gallery-bottom-left\"><\/div><div class=\"envira-gallery-position-overlay  envira-gallery-bottom-right\"><\/div><a href=\"https:\/\/www.meyers-landleben.de\/wp-content\/uploads\/2.jpg\" class=\"envira-gallery-645 envira-gallery-link\" rel=\"enviragallery645\" title=\"\" data-envira-caption=\"\" data-envira-retina=\"\" data-thumbnail=\"\"  itemprop=\"contentUrl\"><div class=\"envira-lazy\" data-test-width=\"640\" data-test-height=\"480\" style=\"padding-bottom:75%;\"><img decoding=\"async\" id=\"envira-gallery-image-647\" class=\"envira-gallery-image envira-gallery-image-2\" data-envira-index=\"2\" src=\"https:\/\/www.meyers-landleben.de\/wp-content\/uploads\/2-640x480_c.jpg\" data-envira-src=\"https:\/\/www.meyers-landleben.de\/wp-content\/uploads\/2-640x480_c.jpg\" data-envira-gallery-id=\"645\" data-envira-item-id=\"647\" data-envira-caption=\"\" alt=\"\" title=\"\"  itemprop=\"thumbnailUrl\" data-envira-srcset=\"https:\/\/www.meyers-landleben.de\/wp-content\/uploads\/2-640x480_c.jpg 400w,https:\/\/www.meyers-landleben.de\/wp-content\/uploads\/2-640x480_c.jpg 2x\" srcset=\"data:image\/gif;base64,R0lGODlhAQABAIAAAP\/\/\/\/\/\/\/yH5BAEKAAEALAAAAAABAAEAAAICTAEAOw==\" \/><\/div><\/a><\/div><\/div><div id=\"envira-gallery-item-648\" class=\"envira-gallery-item enviratope-item envira-gallery-item-3 envira-lazy-load\" style=\"padding-left: 3px; padding-bottom: 5px; padding-right: 3px;\"  itemscope itemtype=\"https:\/\/schema.org\/ImageObject\"><div class=\"envira-gallery-item-inner\"><div class=\"envira-gallery-position-overlay  envira-gallery-top-left\"><\/div><div class=\"envira-gallery-position-overlay  envira-gallery-top-right\"><\/div><div class=\"envira-gallery-position-overlay  envira-gallery-bottom-left\"><\/div><div class=\"envira-gallery-position-overlay  envira-gallery-bottom-right\"><\/div><a href=\"https:\/\/www.meyers-landleben.de\/wp-content\/uploads\/3.jpg\" class=\"envira-gallery-645 envira-gallery-link\" rel=\"enviragallery645\" title=\"\" data-envira-caption=\"\" data-envira-retina=\"\" data-thumbnail=\"\"  itemprop=\"contentUrl\"><div class=\"envira-lazy\" data-test-width=\"640\" data-test-height=\"480\" style=\"padding-bottom:75%;\"><img decoding=\"async\" id=\"envira-gallery-image-648\" class=\"envira-gallery-image envira-gallery-image-3\" data-envira-index=\"3\" src=\"https:\/\/www.meyers-landleben.de\/wp-content\/uploads\/3-640x480_c.jpg\" data-envira-src=\"https:\/\/www.meyers-landleben.de\/wp-content\/uploads\/3-640x480_c.jpg\" data-envira-gallery-id=\"645\" data-envira-item-id=\"648\" data-envira-caption=\"\" alt=\"\" title=\"\"  itemprop=\"thumbnailUrl\" data-envira-srcset=\"https:\/\/www.meyers-landleben.de\/wp-content\/uploads\/3-640x480_c.jpg 400w,https:\/\/www.meyers-landleben.de\/wp-content\/uploads\/3-640x480_c.jpg 2x\" srcset=\"data:image\/gif;base64,R0lGODlhAQABAIAAAP\/\/\/\/\/\/\/yH5BAEKAAEALAAAAAABAAEAAAICTAEAOw==\" \/><\/div><\/a><\/div><\/div><div id=\"envira-gallery-item-649\" class=\"envira-gallery-item enviratope-item envira-gallery-item-4 envira-lazy-load\" style=\"padding-left: 3px; padding-bottom: 5px; padding-right: 3px;\"  itemscope itemtype=\"https:\/\/schema.org\/ImageObject\"><div class=\"envira-gallery-item-inner\"><div class=\"envira-gallery-position-overlay  envira-gallery-top-left\"><\/div><div class=\"envira-gallery-position-overlay  envira-gallery-top-right\"><\/div><div class=\"envira-gallery-position-overlay  envira-gallery-bottom-left\"><\/div><div class=\"envira-gallery-position-overlay  envira-gallery-bottom-right\"><\/div><a href=\"https:\/\/www.meyers-landleben.de\/wp-content\/uploads\/4.jpg\" class=\"envira-gallery-645 envira-gallery-link\" rel=\"enviragallery645\" title=\"\" data-envira-caption=\"\" data-envira-retina=\"\" data-thumbnail=\"\"  itemprop=\"contentUrl\"><div class=\"envira-lazy\" data-test-width=\"640\" data-test-height=\"480\" style=\"padding-bottom:75%;\"><img decoding=\"async\" id=\"envira-gallery-image-649\" class=\"envira-gallery-image envira-gallery-image-4\" data-envira-index=\"4\" src=\"https:\/\/www.meyers-landleben.de\/wp-content\/uploads\/4-640x480_c.jpg\" data-envira-src=\"https:\/\/www.meyers-landleben.de\/wp-content\/uploads\/4-640x480_c.jpg\" data-envira-gallery-id=\"645\" data-envira-item-id=\"649\" data-envira-caption=\"\" alt=\"\" title=\"\"  itemprop=\"thumbnailUrl\" data-envira-srcset=\"https:\/\/www.meyers-landleben.de\/wp-content\/uploads\/4-640x480_c.jpg 400w,https:\/\/www.meyers-landleben.de\/wp-content\/uploads\/4-640x480_c.jpg 2x\" srcset=\"data:image\/gif;base64,R0lGODlhAQABAIAAAP\/\/\/\/\/\/\/yH5BAEKAAEALAAAAAABAAEAAAICTAEAOw==\" \/><\/div><\/a><\/div><\/div><div id=\"envira-gallery-item-650\" class=\"envira-gallery-item enviratope-item envira-gallery-item-5 envira-lazy-load\" style=\"padding-left: 3px; padding-bottom: 5px; padding-right: 3px;\"  itemscope itemtype=\"https:\/\/schema.org\/ImageObject\"><div class=\"envira-gallery-item-inner\"><div class=\"envira-gallery-position-overlay  envira-gallery-top-left\"><\/div><div class=\"envira-gallery-position-overlay  envira-gallery-top-right\"><\/div><div class=\"envira-gallery-position-overlay  envira-gallery-bottom-left\"><\/div><div class=\"envira-gallery-position-overlay  envira-gallery-bottom-right\"><\/div><a href=\"https:\/\/www.meyers-landleben.de\/wp-content\/uploads\/5.jpg\" class=\"envira-gallery-645 envira-gallery-link\" rel=\"enviragallery645\" title=\"\" data-envira-caption=\"\" data-envira-retina=\"\" data-thumbnail=\"\"  itemprop=\"contentUrl\"><div class=\"envira-lazy\" data-test-width=\"640\" data-test-height=\"480\" style=\"padding-bottom:75%;\"><img decoding=\"async\" id=\"envira-gallery-image-650\" class=\"envira-gallery-image envira-gallery-image-5\" data-envira-index=\"5\" src=\"https:\/\/www.meyers-landleben.de\/wp-content\/uploads\/5-640x480_c.jpg\" data-envira-src=\"https:\/\/www.meyers-landleben.de\/wp-content\/uploads\/5-640x480_c.jpg\" data-envira-gallery-id=\"645\" data-envira-item-id=\"650\" data-envira-caption=\"\" alt=\"\" title=\"\"  itemprop=\"thumbnailUrl\" data-envira-srcset=\"https:\/\/www.meyers-landleben.de\/wp-content\/uploads\/5-640x480_c.jpg 400w,https:\/\/www.meyers-landleben.de\/wp-content\/uploads\/5-640x480_c.jpg 2x\" srcset=\"data:image\/gif;base64,R0lGODlhAQABAIAAAP\/\/\/\/\/\/\/yH5BAEKAAEALAAAAAABAAEAAAICTAEAOw==\" \/><\/div><\/a><\/div><\/div><div id=\"envira-gallery-item-651\" class=\"envira-gallery-item enviratope-item envira-gallery-item-6 envira-lazy-load\" style=\"padding-left: 3px; padding-bottom: 5px; padding-right: 3px;\"  itemscope itemtype=\"https:\/\/schema.org\/ImageObject\"><div class=\"envira-gallery-item-inner\"><div class=\"envira-gallery-position-overlay  envira-gallery-top-left\"><\/div><div class=\"envira-gallery-position-overlay  envira-gallery-top-right\"><\/div><div class=\"envira-gallery-position-overlay  envira-gallery-bottom-left\"><\/div><div class=\"envira-gallery-position-overlay  envira-gallery-bottom-right\"><\/div><a href=\"https:\/\/www.meyers-landleben.de\/wp-content\/uploads\/6.jpg\" class=\"envira-gallery-645 envira-gallery-link\" rel=\"enviragallery645\" title=\"\" data-envira-caption=\"\" data-envira-retina=\"\" data-thumbnail=\"\"  itemprop=\"contentUrl\"><div class=\"envira-lazy\" data-test-width=\"640\" data-test-height=\"480\" style=\"padding-bottom:75%;\"><img decoding=\"async\" id=\"envira-gallery-image-651\" class=\"envira-gallery-image envira-gallery-image-6\" data-envira-index=\"6\" src=\"https:\/\/www.meyers-landleben.de\/wp-content\/uploads\/6-640x480_c.jpg\" data-envira-src=\"https:\/\/www.meyers-landleben.de\/wp-content\/uploads\/6-640x480_c.jpg\" data-envira-gallery-id=\"645\" data-envira-item-id=\"651\" data-envira-caption=\"\" alt=\"\" title=\"\"  itemprop=\"thumbnailUrl\" data-envira-srcset=\"https:\/\/www.meyers-landleben.de\/wp-content\/uploads\/6-640x480_c.jpg 400w,https:\/\/www.meyers-landleben.de\/wp-content\/uploads\/6-640x480_c.jpg 2x\" srcset=\"data:image\/gif;base64,R0lGODlhAQABAIAAAP\/\/\/\/\/\/\/yH5BAEKAAEALAAAAAABAAEAAAICTAEAOw==\" \/><\/div><\/a><\/div><\/div><\/div><\/div><noscript><img decoding=\"async\" src=\"https:\/\/www.meyers-landleben.de\/wp-content\/uploads\/1.jpg\" alt=\"\" \/><img decoding=\"async\" src=\"https:\/\/www.meyers-landleben.de\/wp-content\/uploads\/2.jpg\" alt=\"\" \/><img decoding=\"async\" src=\"https:\/\/www.meyers-landleben.de\/wp-content\/uploads\/3.jpg\" alt=\"\" \/><img decoding=\"async\" src=\"https:\/\/www.meyers-landleben.de\/wp-content\/uploads\/4.jpg\" alt=\"\" \/><img decoding=\"async\" src=\"https:\/\/www.meyers-landleben.de\/wp-content\/uploads\/5.jpg\" alt=\"\" \/><img decoding=\"async\" src=\"https:\/\/www.meyers-landleben.de\/wp-content\/uploads\/6.jpg\" alt=\"\" \/><\/noscript><\/div>\n","protected":false},"excerpt":{"rendered":"<p>Ferienwohnung G\u00e4nsebl\u00fcmchenL\u00e4ndlich und familienfreundlich Die Ferienwohnung ist angegliedert an unser Wohnhaus, wo sich auch die Sauna und der Freizeitraum unmittelbar daneben befinden. Die Wohnung bietet auf rund 60 m\u00b2 Platz f\u00fcr 4 Personen mit einem herrlichen Blick in den Garten. So k\u00f6nnen sie herrlich auf der eigenen Terrasse ausspannen und&#8230;<\/p>\n","protected":false},"author":1,"featured_media":0,"parent":114,"menu_order":2,"comment_status":"closed","ping_status":"closed","template":"","meta":{"footnotes":""},"yoast_head":"<!-- This site is optimized with the Yoast SEO plugin v23.0 - https:\/\/yoast.com\/wordpress\/plugins\/seo\/ -->\n<title>Ferienwohnung | Meyers Landleben auf dem Rosenhof<\/title>\n<meta name=\"description\" content=\"Bauernhofurlaub am Harz - Ferienhaus, Ferienwohnung auf dem Bauernhof mit Sauna, Spielplatz, Schwimmteich in Th\u00fcringen\" \/>\n<meta name=\"robots\" content=\"index, follow, max-snippet:-1, max-image-preview:large, max-video-preview:-1\" \/>\n<link rel=\"canonical\" href=\"https:\/\/www.meyers-landleben.de\/?page_id=121\" \/>\n<meta property=\"og:locale\" content=\"de_DE\" \/>\n<meta property=\"og:type\" content=\"article\" \/>\n<meta property=\"og:title\" content=\"Ferienwohnung | Meyers Landleben auf dem Rosenhof\" \/>\n<meta property=\"og:description\" content=\"Bauernhofurlaub am Harz - Ferienhaus, Ferienwohnung auf dem Bauernhof mit Sauna, Spielplatz, Schwimmteich in Th\u00fcringen\" \/>\n<meta property=\"og:url\" content=\"https:\/\/www.meyers-landleben.de\/?page_id=121\" \/>\n<meta property=\"og:site_name\" content=\"Meyers Landleben auf dem Rosenhof\" \/>\n<meta property=\"article:modified_time\" content=\"2024-01-18T08:31:27+00:00\" \/>\n<meta property=\"og:image\" content=\"https:\/\/www.meyers-landleben.de\/wp-content\/uploads\/2018-ferienwohnung-1024x768.jpg\" \/>\n<meta name=\"twitter:card\" content=\"summary_large_image\" \/>\n<meta name=\"twitter:label1\" content=\"Gesch\u00e4tzte Lesezeit\" \/>\n\t<meta name=\"twitter:data1\" content=\"2\u00a0Minuten\" \/>\n<script type=\"application\/ld+json\" class=\"yoast-schema-graph\">{\"@context\":\"https:\/\/schema.org\",\"@graph\":[{\"@type\":\"WebPage\",\"@id\":\"https:\/\/www.meyers-landleben.de\/?page_id=121\",\"url\":\"https:\/\/www.meyers-landleben.de\/?page_id=121\",\"name\":\"Ferienwohnung | Meyers Landleben auf dem Rosenhof\",\"isPartOf\":{\"@id\":\"https:\/\/www.meyers-landleben.de\/#website\"},\"primaryImageOfPage\":{\"@id\":\"https:\/\/www.meyers-landleben.de\/?page_id=121#primaryimage\"},\"image\":{\"@id\":\"https:\/\/www.meyers-landleben.de\/?page_id=121#primaryimage\"},\"thumbnailUrl\":\"https:\/\/www.meyers-landleben.de\/wp-content\/uploads\/2018-ferienwohnung-1024x768.jpg\",\"datePublished\":\"2019-11-24T20:52:29+00:00\",\"dateModified\":\"2024-01-18T08:31:27+00:00\",\"description\":\"Bauernhofurlaub am Harz - Ferienhaus, Ferienwohnung auf dem Bauernhof mit Sauna, Spielplatz, Schwimmteich in Th\u00fcringen\",\"breadcrumb\":{\"@id\":\"https:\/\/www.meyers-landleben.de\/?page_id=121#breadcrumb\"},\"inLanguage\":\"de\",\"potentialAction\":[{\"@type\":\"ReadAction\",\"target\":[\"https:\/\/www.meyers-landleben.de\/?page_id=121\"]}]},{\"@type\":\"ImageObject\",\"inLanguage\":\"de\",\"@id\":\"https:\/\/www.meyers-landleben.de\/?page_id=121#primaryimage\",\"url\":\"https:\/\/www.meyers-landleben.de\/wp-content\/uploads\/2018-ferienwohnung.jpg\",\"contentUrl\":\"https:\/\/www.meyers-landleben.de\/wp-content\/uploads\/2018-ferienwohnung.jpg\",\"width\":2000,\"height\":1500},{\"@type\":\"BreadcrumbList\",\"@id\":\"https:\/\/www.meyers-landleben.de\/?page_id=121#breadcrumb\",\"itemListElement\":[{\"@type\":\"ListItem\",\"position\":1,\"name\":\"Startseite\",\"item\":\"https:\/\/www.meyers-landleben.de\/\"},{\"@type\":\"ListItem\",\"position\":2,\"name\":\"Wohnen\",\"item\":\"https:\/\/www.meyers-landleben.de\/?page_id=114\"},{\"@type\":\"ListItem\",\"position\":3,\"name\":\"Ferienwohnung\"}]},{\"@type\":\"WebSite\",\"@id\":\"https:\/\/www.meyers-landleben.de\/#website\",\"url\":\"https:\/\/www.meyers-landleben.de\/\",\"name\":\"Meyers Landleben auf dem Rosenhof\",\"description\":\"\",\"publisher\":{\"@id\":\"https:\/\/www.meyers-landleben.de\/#\/schema\/person\/a97f739f0677688f47b84cba68fc5da0\"},\"potentialAction\":[{\"@type\":\"SearchAction\",\"target\":{\"@type\":\"EntryPoint\",\"urlTemplate\":\"https:\/\/www.meyers-landleben.de\/?s={search_term_string}\"},\"query-input\":\"required name=search_term_string\"}],\"inLanguage\":\"de\"},{\"@type\":[\"Person\",\"Organization\"],\"@id\":\"https:\/\/www.meyers-landleben.de\/#\/schema\/person\/a97f739f0677688f47b84cba68fc5da0\",\"name\":\"meyer\",\"image\":{\"@type\":\"ImageObject\",\"inLanguage\":\"de\",\"@id\":\"https:\/\/www.meyers-landleben.de\/#\/schema\/person\/image\/\",\"url\":\"https:\/\/www.meyers-landleben.de\/wp-content\/uploads\/logo_final.png\",\"contentUrl\":\"https:\/\/www.meyers-landleben.de\/wp-content\/uploads\/logo_final.png\",\"width\":3833,\"height\":515,\"caption\":\"meyer\"},\"logo\":{\"@id\":\"https:\/\/www.meyers-landleben.de\/#\/schema\/person\/image\/\"}}]}<\/script>\n<!-- \/ Yoast SEO plugin. -->","yoast_head_json":{"title":"Ferienwohnung | Meyers Landleben auf dem Rosenhof","description":"Bauernhofurlaub am Harz - Ferienhaus, Ferienwohnung auf dem Bauernhof mit Sauna, Spielplatz, Schwimmteich in Th\u00fcringen","robots":{"index":"index","follow":"follow","max-snippet":"max-snippet:-1","max-image-preview":"max-image-preview:large","max-video-preview":"max-video-preview:-1"},"canonical":"https:\/\/www.meyers-landleben.de\/?page_id=121","og_locale":"de_DE","og_type":"article","og_title":"Ferienwohnung | Meyers Landleben auf dem Rosenhof","og_description":"Bauernhofurlaub am Harz - Ferienhaus, Ferienwohnung auf dem Bauernhof mit Sauna, Spielplatz, Schwimmteich in Th\u00fcringen","og_url":"https:\/\/www.meyers-landleben.de\/?page_id=121","og_site_name":"Meyers Landleben auf dem Rosenhof","article_modified_time":"2024-01-18T08:31:27+00:00","og_image":[{"url":"https:\/\/www.meyers-landleben.de\/wp-content\/uploads\/2018-ferienwohnung-1024x768.jpg"}],"twitter_card":"summary_large_image","twitter_misc":{"Gesch\u00e4tzte Lesezeit":"2\u00a0Minuten"},"schema":{"@context":"https:\/\/schema.org","@graph":[{"@type":"WebPage","@id":"https:\/\/www.meyers-landleben.de\/?page_id=121","url":"https:\/\/www.meyers-landleben.de\/?page_id=121","name":"Ferienwohnung | Meyers Landleben auf dem Rosenhof","isPartOf":{"@id":"https:\/\/www.meyers-landleben.de\/#website"},"primaryImageOfPage":{"@id":"https:\/\/www.meyers-landleben.de\/?page_id=121#primaryimage"},"image":{"@id":"https:\/\/www.meyers-landleben.de\/?page_id=121#primaryimage"},"thumbnailUrl":"https:\/\/www.meyers-landleben.de\/wp-content\/uploads\/2018-ferienwohnung-1024x768.jpg","datePublished":"2019-11-24T20:52:29+00:00","dateModified":"2024-01-18T08:31:27+00:00","description":"Bauernhofurlaub am Harz - Ferienhaus, Ferienwohnung auf dem Bauernhof mit Sauna, Spielplatz, Schwimmteich in Th\u00fcringen","breadcrumb":{"@id":"https:\/\/www.meyers-landleben.de\/?page_id=121#breadcrumb"},"inLanguage":"de","potentialAction":[{"@type":"ReadAction","target":["https:\/\/www.meyers-landleben.de\/?page_id=121"]}]},{"@type":"ImageObject","inLanguage":"de","@id":"https:\/\/www.meyers-landleben.de\/?page_id=121#primaryimage","url":"https:\/\/www.meyers-landleben.de\/wp-content\/uploads\/2018-ferienwohnung.jpg","contentUrl":"https:\/\/www.meyers-landleben.de\/wp-content\/uploads\/2018-ferienwohnung.jpg","width":2000,"height":1500},{"@type":"BreadcrumbList","@id":"https:\/\/www.meyers-landleben.de\/?page_id=121#breadcrumb","itemListElement":[{"@type":"ListItem","position":1,"name":"Startseite","item":"https:\/\/www.meyers-landleben.de\/"},{"@type":"ListItem","position":2,"name":"Wohnen","item":"https:\/\/www.meyers-landleben.de\/?page_id=114"},{"@type":"ListItem","position":3,"name":"Ferienwohnung"}]},{"@type":"WebSite","@id":"https:\/\/www.meyers-landleben.de\/#website","url":"https:\/\/www.meyers-landleben.de\/","name":"Meyers Landleben auf dem Rosenhof","description":"","publisher":{"@id":"https:\/\/www.meyers-landleben.de\/#\/schema\/person\/a97f739f0677688f47b84cba68fc5da0"},"potentialAction":[{"@type":"SearchAction","target":{"@type":"EntryPoint","urlTemplate":"https:\/\/www.meyers-landleben.de\/?s={search_term_string}"},"query-input":"required name=search_term_string"}],"inLanguage":"de"},{"@type":["Person","Organization"],"@id":"https:\/\/www.meyers-landleben.de\/#\/schema\/person\/a97f739f0677688f47b84cba68fc5da0","name":"meyer","image":{"@type":"ImageObject","inLanguage":"de","@id":"https:\/\/www.meyers-landleben.de\/#\/schema\/person\/image\/","url":"https:\/\/www.meyers-landleben.de\/wp-content\/uploads\/logo_final.png","contentUrl":"https:\/\/www.meyers-landleben.de\/wp-content\/uploads\/logo_final.png","width":3833,"height":515,"caption":"meyer"},"logo":{"@id":"https:\/\/www.meyers-landleben.de\/#\/schema\/person\/image\/"}}]}},"_links":{"self":[{"href":"https:\/\/www.meyers-landleben.de\/index.php?rest_route=\/wp\/v2\/pages\/121"}],"collection":[{"href":"https:\/\/www.meyers-landleben.de\/index.php?rest_route=\/wp\/v2\/pages"}],"about":[{"href":"https:\/\/www.meyers-landleben.de\/index.php?rest_route=\/wp\/v2\/types\/page"}],"author":[{"embeddable":true,"href":"https:\/\/www.meyers-landleben.de\/index.php?rest_route=\/wp\/v2\/users\/1"}],"replies":[{"embeddable":true,"href":"https:\/\/www.meyers-landleben.de\/index.php?rest_route=%2Fwp%2Fv2%2Fcomments&post=121"}],"version-history":[{"count":18,"href":"https:\/\/www.meyers-landleben.de\/index.php?rest_route=\/wp\/v2\/pages\/121\/revisions"}],"predecessor-version":[{"id":779,"href":"https:\/\/www.meyers-landleben.de\/index.php?rest_route=\/wp\/v2\/pages\/121\/revisions\/779"}],"up":[{"embeddable":true,"href":"https:\/\/www.meyers-landleben.de\/index.php?rest_route=\/wp\/v2\/pages\/114"}],"wp:attachment":[{"href":"https:\/\/www.meyers-landleben.de\/index.php?rest_route=%2Fwp%2Fv2%2Fmedia&parent=121"}],"curies":[{"name":"wp","href":"https:\/\/api.w.org\/{rel}","templated":true}]}}